{"id":1379395,"date":"2024-06-18T19:38:21","date_gmt":"2024-06-18T17:38:21","guid":{"rendered":"https:\/\/eunicehotel.com\/eventos\/"},"modified":"2025-02-12T18:10:52","modified_gmt":"2025-02-12T17:10:52","slug":"eventos","status":"publish","type":"page","link":"https:\/\/eunicehotel.com\/pt-pt\/eventos\/","title":{"rendered":"EVENTOS"},"content":{"rendered":"\n\n[et_pb_section fb_built=&#8221;1&#8243; fullwidth=&#8221;on&#8221; admin_label=&#8221;Fondo&#8221; _builder_version=&#8221;4.24.1&#8243; global_colors_info=&#8221;{}&#8221;][et_pb_fullwidth_header title=&#8221;Espa\u00e7os para desfrutar:&#8221; subhead=&#8221;Eventos exclusivos&#8221; text_orientation=&#8221;center&#8221; header_fullscreen=&#8221;on&#8221; _builder_version=&#8221;4.25.1&#8243; title_font=&#8221;&#8211;et_global_heading_font|600|||||||&#8221; title_text_align=&#8221;center&#8221; title_text_color=&#8221;#FFFFFF&#8221; title_font_size=&#8221;52px&#8221; title_letter_spacing=&#8221;1px&#8221; subhead_font=&#8221;&#8211;et_global_heading_font|600|||||||&#8221; subhead_text_align=&#8221;center&#8221; subhead_text_color=&#8221;#FFFFFF&#8221; subhead_font_size=&#8221;42px&#8221; background_color=&#8221;rgba(0,0,0,0.43)&#8221; background_image=&#8221;https:\/\/eunicehotel.com\/wp-content\/uploads\/2024\/06\/eventos-top-1920&#215;900-1.jpg&#8221; background_layout=&#8221;light&#8221; title_font_size_tablet=&#8221;45px&#8221; title_font_size_phone=&#8221;40px&#8221; title_font_size_last_edited=&#8221;on|phone&#8221; subhead_font_size_tablet=&#8221;&#8221; subhead_font_size_phone=&#8221;18px&#8221; subhead_font_size_last_edited=&#8221;on|phone&#8221; custom_css_title=&#8221;font-weight:400;&#8221; custom_css_subtitle=&#8221;font-weight:400;&#8221; global_colors_info=&#8221;{}&#8221; button_one_text_size__hover_enabled=&#8221;off&#8221; button_two_text_size__hover_enabled=&#8221;off&#8221; button_one_text_color__hover_enabled=&#8221;off&#8221; button_two_text_color__hover_enabled=&#8221;off&#8221; button_one_border_width__hover_enabled=&#8221;off&#8221; button_two_border_width__hover_enabled=&#8221;off&#8221; button_one_border_color__hover_enabled=&#8221;off&#8221; button_two_border_color__hover_enabled=&#8221;off&#8221; button_one_border_radius__hover_enabled=&#8221;off&#8221; button_two_border_radius__hover_enabled=&#8221;off&#8221; button_one_letter_spacing__hover_enabled=&#8221;off&#8221; button_two_letter_spacing__hover_enabled=&#8221;off&#8221; button_one_bg_color__hover_enabled=&#8221;off&#8221; button_two_bg_color__hover_enabled=&#8221;off&#8221;][\/et_pb_fullwidth_header][\/et_pb_section][et_pb_section fb_built=&#8221;1&#8243; admin_label=&#8221;T\u00edtulo&#8221; _builder_version=&#8221;4.24.0&#8243; _module_preset=&#8221;default&#8221; custom_padding=&#8221;15px||5px|||&#8221; global_colors_info=&#8221;{}&#8221;][et_pb_row _builder_version=&#8221;4.25.1&#8243; _module_preset=&#8221;default&#8221; width_tablet=&#8221;&#8221; width_phone=&#8221;95%&#8221; width_last_edited=&#8221;on|phone&#8221; custom_padding=&#8221;||27px|||&#8221; global_colors_info=&#8221;{}&#8221;][et_pb_column type=&#8221;4_4&#8243; _builder_version=&#8221;4.25.1&#8243; _module_preset=&#8221;default&#8221; global_colors_info=&#8221;{}&#8221;][et_pb_image src=&#8221;https:\/\/eunicehotel.com\/wp-content\/uploads\/2024\/06\/logo.png&#8221; title_text=&#8221;logo&#8221; align=&#8221;center&#8221; _builder_version=&#8221;4.25.1&#8243; _module_preset=&#8221;default&#8221; global_colors_info=&#8221;{}&#8221;][\/et_pb_image][et_pb_text admin_label=&#8221;Texto&#8221; _builder_version=&#8221;4.25.1&#8243; header_2_font=&#8221;||||||||&#8221; header_2_text_color=&#8221;#334d4f&#8221; header_2_font_size=&#8221;35px&#8221; header_2_letter_spacing=&#8221;2px&#8221; text_orientation=&#8221;center&#8221; global_colors_info=&#8221;{}&#8221;]<h2>Eventos em EUNICE HOTEL GASTRONOMICO<\/h2>[\/et_pb_text][et_pb_text _builder_version=&#8221;4.25.1&#8243; _module_preset=&#8221;default&#8221; global_colors_info=&#8221;{}&#8221;]<p style=\"text-align: center;\">Em casa detalhe do seu caf\u00e9 da manh\u00e3, criamos um ambiente sofisticado e elegante.<br>Nossa equipe est\u00e1 especializada no servi\u00e7o de caf\u00e9 da manh\u00e3 individuais e privados.<br>Disfrutas de espa\u00e7os \u00fanicos como a Sala Jantar, o Jardim do nosso hotel ou em sua pr\u00f3pria acomoda\u00e7\u00e3o \u00e9 poss\u00edvel dentro das ofertas de caf\u00e9 da manh\u00e3 que EUNICE HOTEL GASTRONOMICO oferece.<\/p>\n<p style=\"text-align: center;\">Est\u00e1 a sua disposi\u00e7\u00e3o uma ampla gama de op\u00e7\u00f5es e servi\u00e7os, onde tudo gira em torno aos seus desejos e a que nosso Chef, Jose Manuel Pascua, desenvolve com uma proposta gastron\u00f4mica diferente, em um \u00e2mbito de cozinha tradicional e de mercado.<\/p>[\/et_pb_text][\/et_pb_column][\/et_pb_row][\/et_pb_section][et_pb_section fb_built=&#8221;1&#8243; admin_label=&#8221;Yantar&#8221; _builder_version=&#8221;4.25.1&#8243; _module_preset=&#8221;default&#8221; custom_margin=&#8221;0px||0px||true|false&#8221; custom_padding=&#8221;0px||0px||true|false&#8221; global_colors_info=&#8221;{}&#8221;][et_pb_row column_structure=&#8221;1_2,1_2&#8243; _builder_version=&#8221;4.25.1&#8243; _module_preset=&#8221;default&#8221; width_tablet=&#8221;&#8221; width_phone=&#8221;95%&#8221; width_last_edited=&#8221;on|phone&#8221; global_colors_info=&#8221;{}&#8221;][et_pb_column type=&#8221;1_2&#8243; _builder_version=&#8221;4.25.1&#8243; _module_preset=&#8221;default&#8221; global_colors_info=&#8221;{}&#8221;][et_pb_image src=&#8221;https:\/\/eunicehotel.com\/wp-content\/uploads\/2024\/06\/eventos-yantar.jpg&#8221; title_text=&#8221;eventos-yantar&#8221; align=&#8221;center&#8221; force_fullwidth=&#8221;on&#8221; _builder_version=&#8221;4.25.1&#8243; _module_preset=&#8221;default&#8221; global_colors_info=&#8221;{}&#8221;][\/et_pb_image][\/et_pb_column][et_pb_column type=&#8221;1_2&#8243; _builder_version=&#8221;4.25.1&#8243; _module_preset=&#8221;default&#8221; global_colors_info=&#8221;{}&#8221;][et_pb_text _builder_version=&#8221;4.25.1&#8243; _module_preset=&#8221;default&#8221; global_colors_info=&#8221;{}&#8221;]<h2>Yantar<\/h2>\n<p>14 COMENSAIS<br>MENU FANEGA<br>MENU MEDIA FANEGA<\/p>\n<p>Em cada detalhe iremos criar exclusivamente um ambiente elegante e sofisticado. Nossa equipe de eventos est\u00e1 especializada em organiza\u00e7\u00e3o de eventos singulares e festas privadas.<\/p>\n<p>Disfrute de nossos espa\u00e7os, lugares \u00fanicos como a Sala de Jantar, o jardim de nosso hotel, terrenos, casas privadas ou espa\u00e7os que podem ser contratados exclusivamente para ocasi\u00f5es, sendo poss\u00edvel dentro das ofertas que EUNICE HOTEL GASTRONOMICO oferece.<\/p>\n<p>&nbsp;<\/p>\n<p><a href=\"#formulario\" title=\"Reservar\" class=\"boton-reserva\">Reservar<\/a><\/p>[\/et_pb_text][\/et_pb_column][\/et_pb_row][\/et_pb_section][et_pb_section fb_built=&#8221;1&#8243; admin_label=&#8221;Jard\u00edn&#8221; _builder_version=&#8221;4.25.1&#8243; _module_preset=&#8221;default&#8221; custom_margin=&#8221;0px||0px||true|false&#8221; custom_padding=&#8221;0px||0px||true|false&#8221; global_colors_info=&#8221;{}&#8221;][et_pb_row column_structure=&#8221;1_2,1_2&#8243; _builder_version=&#8221;4.25.1&#8243; _module_preset=&#8221;default&#8221; width_tablet=&#8221;&#8221; width_phone=&#8221;95%&#8221; width_last_edited=&#8221;on|phone&#8221; global_colors_info=&#8221;{}&#8221;][et_pb_column type=&#8221;1_2&#8243; admin_label=&#8221;Columna&#8221; _builder_version=&#8221;4.25.1&#8243; _module_preset=&#8221;default&#8221; global_colors_info=&#8221;{}&#8221;][et_pb_image src=&#8221;https:\/\/eunicehotel.com\/wp-content\/uploads\/2024\/06\/eventos-jardin.jpg&#8221; title_text=&#8221;eventos-jardin&#8221; align=&#8221;center&#8221; force_fullwidth=&#8221;on&#8221; disabled_on=&#8221;off|on|on&#8221; _builder_version=&#8221;4.25.1&#8243; _module_preset=&#8221;default&#8221; global_colors_info=&#8221;{}&#8221;][\/et_pb_image][et_pb_text _builder_version=&#8221;4.25.1&#8243; _module_preset=&#8221;default&#8221; global_colors_info=&#8221;{}&#8221;]<h2>Jardim<\/h2>\n<p>50 COMENSAIS EM MESAS REDONDAS<br>80 COMENSAIS EM FORMATO COCKTAIL<\/p>\n<p>Um espa\u00e7o ao ar livre com vista para o Palacio Monterrey, paisagismo desenhado pelo renomado est\u00fadio Benavides &amp; Laperche: Vegeta\u00e7\u00e3o, flora nativa e esp\u00e9cies arom\u00e1ticas.<\/p>\n<p>Um o\u00e1sis em pleno centro hist\u00f3rico de Salamanca.<\/p>\n<p>&nbsp;<\/p>\n<p>\n<a href=\"#formulario\" title=\"Reservar\" class=\"boton-reserva\">Reservar<\/a><\/p>[\/et_pb_text][\/et_pb_column][et_pb_column type=&#8221;1_2&#8243; admin_label=&#8221;Imagen&#8221; disabled_on=&#8221;off|off|off&#8221; _builder_version=&#8221;4.25.1&#8243; _module_preset=&#8221;default&#8221; global_colors_info=&#8221;{}&#8221;][et_pb_image src=&#8221;https:\/\/eunicehotel.com\/wp-content\/uploads\/2024\/06\/eventos-jardin.jpg&#8221; title_text=&#8221;eventos-jardin&#8221; align=&#8221;center&#8221; force_fullwidth=&#8221;on&#8221; disabled_on=&#8221;on|off|off&#8221; _builder_version=&#8221;4.25.1&#8243; _module_preset=&#8221;default&#8221; global_colors_info=&#8221;{}&#8221;][\/et_pb_image][\/et_pb_column][\/et_pb_row][\/et_pb_section][et_pb_section fb_built=&#8221;1&#8243; admin_label=&#8221;Terraza&#8221; _builder_version=&#8221;4.25.1&#8243; _module_preset=&#8221;default&#8221; custom_margin=&#8221;0px||0px||true|false&#8221; custom_padding=&#8221;0px||0px||true|false&#8221; global_colors_info=&#8221;{}&#8221;][et_pb_row column_structure=&#8221;1_2,1_2&#8243; _builder_version=&#8221;4.25.1&#8243; _module_preset=&#8221;default&#8221; width_tablet=&#8221;&#8221; width_phone=&#8221;95%&#8221; width_last_edited=&#8221;on|phone&#8221; global_colors_info=&#8221;{}&#8221;][et_pb_column type=&#8221;1_2&#8243; _builder_version=&#8221;4.25.1&#8243; _module_preset=&#8221;default&#8221; global_colors_info=&#8221;{}&#8221;][et_pb_image src=&#8221;https:\/\/eunicehotel.com\/wp-content\/uploads\/2024\/06\/eventos-terraza.jpg&#8221; title_text=&#8221;eventos-terraza&#8221; align=&#8221;center&#8221; force_fullwidth=&#8221;on&#8221; _builder_version=&#8221;4.25.1&#8243; _module_preset=&#8221;default&#8221; global_colors_info=&#8221;{}&#8221;][\/et_pb_image][\/et_pb_column][et_pb_column type=&#8221;1_2&#8243; _builder_version=&#8221;4.25.1&#8243; _module_preset=&#8221;default&#8221; global_colors_info=&#8221;{}&#8221;][et_pb_text _builder_version=&#8221;4.25.1&#8243; _module_preset=&#8221;default&#8221; global_colors_info=&#8221;{}&#8221;]<h2>O Terra\u00e7o<\/h2>\n<p>24 COMENSAIS<\/p>\n<p>Uma localiza\u00e7\u00e3o intima e acolhedora.<\/p>\n<p>Um espa\u00e7o anexo ao Restaurante PASCUA onde se pode desfrutar de forma relaxada das melhores elabora\u00e7\u00f5es do nosso Chef em um ambiente relaxado.<\/p>\n<p>&nbsp;<\/p>\n<a href=\"#formulario\" title=\"Reservar\" class=\"boton-reserva\">Reservar<\/a>[\/et_pb_text][\/et_pb_column][\/et_pb_row][\/et_pb_section][et_pb_section fb_built=&#8221;1&#8243; admin_label=&#8221;Reuniones&#8221; _builder_version=&#8221;4.25.1&#8243; _module_preset=&#8221;default&#8221; custom_margin=&#8221;0px||0px||true|false&#8221; custom_padding=&#8221;0px||0px||true|false&#8221; global_colors_info=&#8221;{}&#8221;][et_pb_row column_structure=&#8221;1_2,1_2&#8243; _builder_version=&#8221;4.25.1&#8243; _module_preset=&#8221;default&#8221; width_tablet=&#8221;&#8221; width_phone=&#8221;95%&#8221; width_last_edited=&#8221;on|phone&#8221; global_colors_info=&#8221;{}&#8221;][et_pb_column type=&#8221;1_2&#8243; admin_label=&#8221;Columna&#8221; _builder_version=&#8221;4.25.1&#8243; _module_preset=&#8221;default&#8221; global_colors_info=&#8221;{}&#8221;][et_pb_image src=&#8221;https:\/\/eunicehotel.com\/wp-content\/uploads\/2024\/06\/eventos-salareuniones.jpg&#8221; title_text=&#8221;eventos-salareuniones&#8221; align=&#8221;center&#8221; force_fullwidth=&#8221;on&#8221; disabled_on=&#8221;off|on|on&#8221; _builder_version=&#8221;4.25.1&#8243; _module_preset=&#8221;default&#8221; global_colors_info=&#8221;{}&#8221;][\/et_pb_image][et_pb_text _builder_version=&#8221;4.25.1&#8243; _module_preset=&#8221;default&#8221; global_colors_info=&#8221;{}&#8221;]<h2>Sala de Reuni\u00f5es<\/h2>\n14 ASISTENTES\nTELA MULTIMIDIA | SISTEMA ALL-IN_ONE\nCOFFEE BREAK DE BAIXA DEMANDA\n\nEspa\u00e7o ideal para reuni\u00f5es privadas e corporativas em um espa\u00e7o exclusivo, \u00fanico, caloroso e acolhedor.\n\nUm o\u00e1sis em pleno centro hist\u00f3rico de Salamanca.\n\n&nbsp;\n\n<a href=\"#formulario\" title=\"Reservar\" class=\"boton-reserva\">Reservar<\/a>[\/et_pb_text][\/et_pb_column][et_pb_column type=&#8221;1_2&#8243; admin_label=&#8221;Imagen&#8221; disabled_on=&#8221;on|off|off&#8221; _builder_version=&#8221;4.25.1&#8243; _module_preset=&#8221;default&#8221; global_colors_info=&#8221;{}&#8221;][et_pb_image src=&#8221;https:\/\/eunicehotel.com\/wp-content\/uploads\/2024\/06\/eventos-salareuniones.jpg&#8221; title_text=&#8221;eventos-salareuniones&#8221; align=&#8221;center&#8221; force_fullwidth=&#8221;on&#8221; _builder_version=&#8221;4.25.1&#8243; _module_preset=&#8221;default&#8221; global_colors_info=&#8221;{}&#8221;][\/et_pb_image][\/et_pb_column][\/et_pb_row][\/et_pb_section][et_pb_section fb_built=&#8221;1&#8243; admin_label=&#8221;Formulario&#8221; module_id=&#8221;about-us&#8221; _builder_version=&#8221;4.24.0&#8243; background_enable_color=&#8221;off&#8221; custom_padding=&#8221;3px|||||&#8221; global_colors_info=&#8221;{}&#8221;][et_pb_row use_custom_gutter=&#8221;on&#8221; module_id=&#8221;formulario&#8221; _builder_version=&#8221;4.25.1&#8243; background_size=&#8221;initial&#8221; background_position=&#8221;top_left&#8221; background_repeat=&#8221;repeat&#8221; width_tablet=&#8221;&#8221; width_phone=&#8221;95%&#8221; width_last_edited=&#8221;on|phone&#8221; global_colors_info=&#8221;{}&#8221; max_width__hover_enabled=&#8221;on|hover&#8221;][et_pb_column type=&#8221;4_4&#8243; _builder_version=&#8221;4.16&#8243; custom_padding=&#8221;|||&#8221; global_colors_info=&#8221;{}&#8221; custom_padding__hover=&#8221;|||&#8221;][et_pb_text _builder_version=&#8221;4.25.1&#8243; header_2_font=&#8221;|||on|||||&#8221; header_2_text_color=&#8221;#333366&#8243; header_2_letter_spacing=&#8221;2px&#8221; header_4_font=&#8221;|||on|||||&#8221; header_4_text_color=&#8221;#999999&#8243; header_4_font_size=&#8221;15px&#8221; header_4_letter_spacing=&#8221;2px&#8221; text_orientation=&#8221;justified&#8221; custom_margin=&#8221;0px|||&#8221; text_orientation_tablet=&#8221;justified&#8221; text_orientation_phone=&#8221;left&#8221; text_orientation_last_edited=&#8221;on|phone&#8221; global_colors_info=&#8221;{}&#8221;]<p style=\"text-align: center;\">Para receber assessoramento sobre seu evento, por favor entre em contato com nossa equipe atrav\u00e9s do seguinte formul\u00e1rio.<\/p>[\/et_pb_text][dsm_contact_form_7 cf7_library=&#8221;1376922&#8243; input_background_color=&#8221;#FFFFFF&#8221; admin_label=&#8221;Supreme Contact Form 7&#8243; _builder_version=&#8221;4.25.1&#8243; _module_preset=&#8221;default&#8221; labels_font=&#8221;Ibarrarealnova Regular|600|||||||&#8221; labels_text_color=&#8221;gcid-0ebd9ad3-3403-4d0b-b928-8dd924fb565d&#8221; labels_font_size=&#8221;16px&#8221; labels_line_height=&#8221;1.9em&#8221; input_textarea_select_line_height=&#8221;1.9em&#8221; hover_enabled=&#8221;0&#8243; border_width_all_image=&#8221;1px&#8221; global_colors_info=&#8221;{%22gcid-d5b52d2b-4d08-4e8a-b739-31cbfed37f9f%22:%91%22button_one_text_color%22%93,%22gcid-0ebd9ad3-3403-4d0b-b928-8dd924fb565d%22:%91%22labels_text_color%22,%22button_one_bg_color%22%93}&#8221; sticky_enabled=&#8221;0&#8243;][\/dsm_contact_form_7][\/et_pb_column][\/et_pb_row][\/et_pb_section]\n\n","protected":false},"excerpt":{"rendered":"<p>Eventos em EUNICE HOTEL GASTRONOMICOEm casa detalhe do seu caf\u00e9 da manh\u00e3, criamos um ambiente sofisticado e elegante.Nossa equipe est\u00e1 especializada no servi\u00e7o de caf\u00e9 da manh\u00e3 individuais e privados.Disfrutas de espa\u00e7os \u00fanicos como a Sala Jantar, o Jardim do nosso hotel ou em sua pr\u00f3pria acomoda\u00e7\u00e3o \u00e9 poss\u00edvel dentro das ofertas de caf\u00e9 da\u2026 <a href=\"https:\/\/eunicehotel.com\/pt-pt\/eventos\/\">Read More &raquo;<\/a><\/p>\n","protected":false},"author":2,"featured_media":0,"parent":0,"menu_order":30,"comment_status":"closed","ping_status":"closed","template":"","meta":{"_acf_changed":false,"_et_pb_use_builder":"on","_et_pb_old_content":"","_et_gb_content_width":"","footnotes":""},"class_list":["post-1379395","page","type-page","status-publish","hentry"],"acf":[],"yoast_head":"<!-- This site is optimized with the Yoast SEO Premium plugin v22.1 (Yoast SEO v27.3) - https:\/\/yoast.com\/product\/yoast-seo-premium-wordpress\/ -->\n<title>EVENTOS - Eunice<\/title>\n<meta name=\"robots\" content=\"index, follow, max-snippet:-1, max-image-preview:large, max-video-preview:-1\" \/>\n<link rel=\"canonical\" href=\"https:\/\/eunicehotel.com\/pt-pt\/eventos\/\" \/>\n<meta property=\"og:locale\" content=\"pt_PT\" \/>\n<meta property=\"og:type\" content=\"article\" \/>\n<meta property=\"og:title\" content=\"EVENTOS\" \/>\n<meta property=\"og:description\" content=\"Eventos em EUNICE HOTEL GASTRONOMICOEm casa detalhe do seu caf\u00e9 da manh\u00e3, criamos um ambiente sofisticado e elegante.Nossa equipe est\u00e1 especializada no servi\u00e7o de caf\u00e9 da manh\u00e3 individuais e privados.Disfrutas de espa\u00e7os \u00fanicos como a Sala Jantar, o Jardim do nosso hotel ou em sua pr\u00f3pria acomoda\u00e7\u00e3o \u00e9 poss\u00edvel dentro das ofertas de caf\u00e9 da\u2026 Read More &raquo;\" \/>\n<meta property=\"og:url\" content=\"https:\/\/eunicehotel.com\/pt-pt\/eventos\/\" \/>\n<meta property=\"og:site_name\" content=\"Eunice\" \/>\n<meta property=\"article:publisher\" content=\"https:\/\/www.facebook.com\/profile.php?id=100068761792703\" \/>\n<meta property=\"article:modified_time\" content=\"2025-02-12T17:10:52+00:00\" \/>\n<meta property=\"og:image\" content=\"https:\/\/eunicehotel.com\/wp-content\/uploads\/2024\/01\/eunice_logo.png\" \/>\n\t<meta property=\"og:image:width\" content=\"1227\" \/>\n\t<meta property=\"og:image:height\" content=\"500\" \/>\n\t<meta property=\"og:image:type\" content=\"image\/png\" \/>\n<meta name=\"twitter:card\" content=\"summary_large_image\" \/>\n<meta name=\"twitter:label1\" content=\"Tempo estimado de leitura\" \/>\n\t<meta name=\"twitter:data1\" content=\"8 minutos\" \/>\n<script type=\"application\/ld+json\" class=\"yoast-schema-graph\">{\"@context\":\"https:\\\/\\\/schema.org\",\"@graph\":[{\"@type\":\"WebPage\",\"@id\":\"https:\\\/\\\/eunicehotel.com\\\/pt-pt\\\/eventos\\\/\",\"url\":\"https:\\\/\\\/eunicehotel.com\\\/pt-pt\\\/eventos\\\/\",\"name\":\"EVENTOS - Eunice\",\"isPartOf\":{\"@id\":\"https:\\\/\\\/eunicehotel.com\\\/pt-pt\\\/#website\"},\"datePublished\":\"2024-06-18T17:38:21+00:00\",\"dateModified\":\"2025-02-12T17:10:52+00:00\",\"breadcrumb\":{\"@id\":\"https:\\\/\\\/eunicehotel.com\\\/pt-pt\\\/eventos\\\/#breadcrumb\"},\"inLanguage\":\"pt-PT\",\"potentialAction\":[{\"@type\":\"ReadAction\",\"target\":[\"https:\\\/\\\/eunicehotel.com\\\/pt-pt\\\/eventos\\\/\"]}]},{\"@type\":\"BreadcrumbList\",\"@id\":\"https:\\\/\\\/eunicehotel.com\\\/pt-pt\\\/eventos\\\/#breadcrumb\",\"itemListElement\":[{\"@type\":\"ListItem\",\"position\":1,\"name\":\"Portada\",\"item\":\"https:\\\/\\\/eunicehotel.com\\\/pt-pt\\\/\"},{\"@type\":\"ListItem\",\"position\":2,\"name\":\"EVENTOS\"}]},{\"@type\":\"WebSite\",\"@id\":\"https:\\\/\\\/eunicehotel.com\\\/pt-pt\\\/#website\",\"url\":\"https:\\\/\\\/eunicehotel.com\\\/pt-pt\\\/\",\"name\":\"Eunice\",\"description\":\"Hotel Gastron\u00f3mico\",\"publisher\":{\"@id\":\"https:\\\/\\\/eunicehotel.com\\\/pt-pt\\\/#organization\"},\"alternateName\":\"Eunice Hotel\",\"potentialAction\":[{\"@type\":\"SearchAction\",\"target\":{\"@type\":\"EntryPoint\",\"urlTemplate\":\"https:\\\/\\\/eunicehotel.com\\\/pt-pt\\\/?s={search_term_string}\"},\"query-input\":{\"@type\":\"PropertyValueSpecification\",\"valueRequired\":true,\"valueName\":\"search_term_string\"}}],\"inLanguage\":\"pt-PT\"},{\"@type\":\"Organization\",\"@id\":\"https:\\\/\\\/eunicehotel.com\\\/pt-pt\\\/#organization\",\"name\":\"Eunice Hotel Gastron\u00f3mico\",\"alternateName\":\"Eunice Hotel\",\"url\":\"https:\\\/\\\/eunicehotel.com\\\/pt-pt\\\/\",\"logo\":{\"@type\":\"ImageObject\",\"inLanguage\":\"pt-PT\",\"@id\":\"https:\\\/\\\/eunicehotel.com\\\/pt-pt\\\/#\\\/schema\\\/logo\\\/image\\\/\",\"url\":\"https:\\\/\\\/eunicehotel.com\\\/wp-content\\\/uploads\\\/2024\\\/02\\\/cropped-Eunice_isotipo_rgb_opt.png\",\"contentUrl\":\"https:\\\/\\\/eunicehotel.com\\\/wp-content\\\/uploads\\\/2024\\\/02\\\/cropped-Eunice_isotipo_rgb_opt.png\",\"width\":512,\"height\":512,\"caption\":\"Eunice Hotel Gastron\u00f3mico\"},\"image\":{\"@id\":\"https:\\\/\\\/eunicehotel.com\\\/pt-pt\\\/#\\\/schema\\\/logo\\\/image\\\/\"},\"sameAs\":[\"https:\\\/\\\/www.facebook.com\\\/profile.php?id=100068761792703\",\"https:\\\/\\\/www.instagram.com\\\/eunice.hotel\\\/?hl=es\"]}]}<\/script>\n<!-- \/ Yoast SEO Premium plugin. -->","yoast_head_json":{"title":"EVENTOS - Eunice","robots":{"index":"index","follow":"follow","max-snippet":"max-snippet:-1","max-image-preview":"max-image-preview:large","max-video-preview":"max-video-preview:-1"},"canonical":"https:\/\/eunicehotel.com\/pt-pt\/eventos\/","og_locale":"pt_PT","og_type":"article","og_title":"EVENTOS","og_description":"Eventos em EUNICE HOTEL GASTRONOMICOEm casa detalhe do seu caf\u00e9 da manh\u00e3, criamos um ambiente sofisticado e elegante.Nossa equipe est\u00e1 especializada no servi\u00e7o de caf\u00e9 da manh\u00e3 individuais e privados.Disfrutas de espa\u00e7os \u00fanicos como a Sala Jantar, o Jardim do nosso hotel ou em sua pr\u00f3pria acomoda\u00e7\u00e3o \u00e9 poss\u00edvel dentro das ofertas de caf\u00e9 da\u2026 Read More &raquo;","og_url":"https:\/\/eunicehotel.com\/pt-pt\/eventos\/","og_site_name":"Eunice","article_publisher":"https:\/\/www.facebook.com\/profile.php?id=100068761792703","article_modified_time":"2025-02-12T17:10:52+00:00","og_image":[{"width":1227,"height":500,"url":"https:\/\/eunicehotel.com\/wp-content\/uploads\/2024\/01\/eunice_logo.png","type":"image\/png"}],"twitter_card":"summary_large_image","twitter_misc":{"Tempo estimado de leitura":"8 minutos"},"schema":{"@context":"https:\/\/schema.org","@graph":[{"@type":"WebPage","@id":"https:\/\/eunicehotel.com\/pt-pt\/eventos\/","url":"https:\/\/eunicehotel.com\/pt-pt\/eventos\/","name":"EVENTOS - Eunice","isPartOf":{"@id":"https:\/\/eunicehotel.com\/pt-pt\/#website"},"datePublished":"2024-06-18T17:38:21+00:00","dateModified":"2025-02-12T17:10:52+00:00","breadcrumb":{"@id":"https:\/\/eunicehotel.com\/pt-pt\/eventos\/#breadcrumb"},"inLanguage":"pt-PT","potentialAction":[{"@type":"ReadAction","target":["https:\/\/eunicehotel.com\/pt-pt\/eventos\/"]}]},{"@type":"BreadcrumbList","@id":"https:\/\/eunicehotel.com\/pt-pt\/eventos\/#breadcrumb","itemListElement":[{"@type":"ListItem","position":1,"name":"Portada","item":"https:\/\/eunicehotel.com\/pt-pt\/"},{"@type":"ListItem","position":2,"name":"EVENTOS"}]},{"@type":"WebSite","@id":"https:\/\/eunicehotel.com\/pt-pt\/#website","url":"https:\/\/eunicehotel.com\/pt-pt\/","name":"Eunice","description":"Hotel Gastron\u00f3mico","publisher":{"@id":"https:\/\/eunicehotel.com\/pt-pt\/#organization"},"alternateName":"Eunice Hotel","potentialAction":[{"@type":"SearchAction","target":{"@type":"EntryPoint","urlTemplate":"https:\/\/eunicehotel.com\/pt-pt\/?s={search_term_string}"},"query-input":{"@type":"PropertyValueSpecification","valueRequired":true,"valueName":"search_term_string"}}],"inLanguage":"pt-PT"},{"@type":"Organization","@id":"https:\/\/eunicehotel.com\/pt-pt\/#organization","name":"Eunice Hotel Gastron\u00f3mico","alternateName":"Eunice Hotel","url":"https:\/\/eunicehotel.com\/pt-pt\/","logo":{"@type":"ImageObject","inLanguage":"pt-PT","@id":"https:\/\/eunicehotel.com\/pt-pt\/#\/schema\/logo\/image\/","url":"https:\/\/eunicehotel.com\/wp-content\/uploads\/2024\/02\/cropped-Eunice_isotipo_rgb_opt.png","contentUrl":"https:\/\/eunicehotel.com\/wp-content\/uploads\/2024\/02\/cropped-Eunice_isotipo_rgb_opt.png","width":512,"height":512,"caption":"Eunice Hotel Gastron\u00f3mico"},"image":{"@id":"https:\/\/eunicehotel.com\/pt-pt\/#\/schema\/logo\/image\/"},"sameAs":["https:\/\/www.facebook.com\/profile.php?id=100068761792703","https:\/\/www.instagram.com\/eunice.hotel\/?hl=es"]}]}},"_links":{"self":[{"href":"https:\/\/eunicehotel.com\/pt-pt\/wp-json\/wp\/v2\/pages\/1379395","targetHints":{"allow":["GET"]}}],"collection":[{"href":"https:\/\/eunicehotel.com\/pt-pt\/wp-json\/wp\/v2\/pages"}],"about":[{"href":"https:\/\/eunicehotel.com\/pt-pt\/wp-json\/wp\/v2\/types\/page"}],"author":[{"embeddable":true,"href":"https:\/\/eunicehotel.com\/pt-pt\/wp-json\/wp\/v2\/users\/2"}],"replies":[{"embeddable":true,"href":"https:\/\/eunicehotel.com\/pt-pt\/wp-json\/wp\/v2\/comments?post=1379395"}],"version-history":[{"count":4,"href":"https:\/\/eunicehotel.com\/pt-pt\/wp-json\/wp\/v2\/pages\/1379395\/revisions"}],"predecessor-version":[{"id":1380377,"href":"https:\/\/eunicehotel.com\/pt-pt\/wp-json\/wp\/v2\/pages\/1379395\/revisions\/1380377"}],"wp:attachment":[{"href":"https:\/\/eunicehotel.com\/pt-pt\/wp-json\/wp\/v2\/media?parent=1379395"}],"curies":[{"name":"wp","href":"https:\/\/api.w.org\/{rel}","templated":true}]}}